{"id":2021,"date":"2019-03-28T14:59:01","date_gmt":"2019-03-28T14:59:01","guid":{"rendered":"http:\/\/villaserena.bestrank.it\/?page_id=2021"},"modified":"2020-02-21T11:14:59","modified_gmt":"2020-02-21T11:14:59","slug":"zimmer","status":"publish","type":"page","link":"https:\/\/www.villaserena.eu\/de\/zimmer\/","title":{"rendered":"Zimmer"},"content":{"rendered":"<p>[vc_row overlay_color=&#8220;rgba(0,0,0,0.01)&#8220; css=&#8220;.vc_custom_1495702389045{padding-top: 120px !important;padding-bottom: 60px !important;}&#8220;][vc_column]<div class=\"text-left reda-page-header id_169f31be0cdca32051843262 animate-text   vc_custom_1582209012165\"><div class=\"reda-header  header-underline underline-100 header-color\" style=\"color: ;\"><\/div><\/div><\/p>\n<h1><span style=\"font-size: 110px;\">Zimmer<\/span><\/h1>\n<p><style scoped> .reda-page-header.id_169f31be0cdca32051843262 .header-underline:after { background-color: ; }<\/style>[vc_row_inner css=&#8220;.vc_custom_1492067939003{margin-top: 60px !important;}&#8220;][vc_column_inner width=&#8220;1\/2&#8243;]<div class=\"text-left reda-page-header id_169f31be0cdcdb1105546384 animate-text   vc_custom_1582209025524\"><div class=\"reda-header  header-underline underline-50 header-color\" style=\"color: #ac8b51;\"><\/div><\/div><\/p>\n<h3><span style=\"line-height: 1.7em;\">Unsere Zimmer sind schlicht und elegant im typisch venezianischen Stil mit warmen Farbt\u00f6nen, wie Gelb, Rosa und Blau eingerichtet.<\/span><\/h3>\n<p><style scoped> .reda-page-header.id_169f31be0cdcdb1105546384 .header-underline:after { background-color: #ac8b51; }<\/style>[\/vc_column_inner][vc_column_inner width=&#8220;1\/2&#8243;][vc_column_text css=&#8220;.vc_custom_1582209182067{margin-left: 60px !important;}&#8220;]Sie haben <strong>Blumennamen<\/strong> und bieten unseren G\u00e4sten einen <strong>komfortablen<\/strong> und <strong>entspannenden Aufenthalt<\/strong>. Jedes Zimmer verf\u00fcgt \u00fcber ein <strong>Doppelbett<\/strong> (oder franz\u00f6sisches Bett) und ist mit <strong>Klimaanlage<\/strong>, eigenem Bad, Haartrockner, Minibar, Satellitenfernsehen, Direktwahltelefon und WLAN-Internetanschluss ausgestattet. Um den Komfort unserer G\u00e4ste zu erh\u00f6hen, bieten wir auch ein Set mit Pflegeprodukte und <strong>Hausschuhen<\/strong> an.<\/p>\n<p>Fast alle unsere Zimmer haben auch einen <strong>Balkon<\/strong> mit Blick auf die Weinberge, G\u00e4rten oder den Swimmingpool. Alle Zimmer sind <strong>Nichtraucherzimmer<\/strong>. Im Erdgeschoss haben wir auch R\u00e4ume f\u00fcr Menschen mit Behinderungen.[\/vc_column_text][\/vc_column_inner][\/vc_row_inner][\/vc_column][\/vc_row][vc_row][vc_column][vc_separator el_width=&#8220;80&#8243;][vc_column_text]<\/p>\n<p style=\"text-align: center;\">Alle Zimmer sind Nichtraucherzimmer. Im Erdgeschoss haben wir auch R\u00e4ume f\u00fcr Menschen mit Behinderungen.<br \/>\nEs ist m\u00f6glich, <strong>ab 12.00 Uhr<\/strong> <strong>einzuchecken<\/strong>. Auf Anfrage kann je nach Verf\u00fcgbarkeit der Zimmer auch vorher eingecheckt werden.<br \/>\n<strong>Check-out<\/strong> ist f\u00fcr <strong>10.00 Uhr<\/strong> vorgesehen.<br \/>\nF\u00fcr unsere G\u00e4ste steht ein kostenloser Gep\u00e4ckaufbewahrungsservice zur Verf\u00fcgung.<\/p>\n<p>[\/vc_column_text][\/vc_column][\/vc_row][vc_row full_width=&#8220;stretch_row&#8220; overlay_color=&#8220;rgba(0,0,0,0.01)&#8220; css=&#8220;.vc_custom_1495702431112{padding-top: 30px !important;padding-bottom: 30px !important;background-color: #f5f5f5 !important;}&#8220;][vc_column]<div class=\"reda-room-container id_169f31be0cdcfe1640850456\"><div class=\"room-img-slider swiper-container hide-for-large\"><div class=\"swiper-wrapper\"><div class=\"swiper-slide\"><div class=\"image\" style=\"background-image: url(https:\/\/www.villaserena.eu\/wp-content\/uploads\/2017\/04\/20130903_174913-1024x768.jpg); background-size: cover; background-position: center center;\"><img decoding=\"async\" class=\"hide\" src=\"https:\/\/www.villaserena.eu\/wp-content\/uploads\/2017\/04\/20130903_174913-1024x768.jpg\"\/><\/div><\/div><div class=\"swiper-slide\"><div class=\"image\" style=\"background-image: url(https:\/\/www.villaserena.eu\/wp-content\/uploads\/2019\/03\/Bagno-36-1024x768.jpg); background-size: cover; background-position: center center;\"><img decoding=\"async\" class=\"hide\" src=\"https:\/\/www.villaserena.eu\/wp-content\/uploads\/2019\/03\/Bagno-36-1024x768.jpg\"\/><\/div><\/div><div class=\"swiper-slide\"><div class=\"image\" style=\"background-image: url(https:\/\/www.villaserena.eu\/wp-content\/uploads\/2019\/03\/cam-22-comunicante-1024x768.jpg); background-size: cover; background-position: center center;\"><img decoding=\"async\" class=\"hide\" src=\"https:\/\/www.villaserena.eu\/wp-content\/uploads\/2019\/03\/cam-22-comunicante-1024x768.jpg\"\/><\/div><\/div><div class=\"swiper-slide\"><div class=\"image\" style=\"background-image: url(https:\/\/www.villaserena.eu\/wp-content\/uploads\/2019\/03\/Cam-21.1-comunicante-1024x768.jpg); background-size: cover; background-position: center center;\"><img decoding=\"async\" class=\"hide\" src=\"https:\/\/www.villaserena.eu\/wp-content\/uploads\/2019\/03\/Cam-21.1-comunicante-1024x768.jpg\"\/><\/div><\/div><div class=\"swiper-slide\"><div class=\"image\" style=\"background-image: url(https:\/\/www.villaserena.eu\/wp-content\/uploads\/2019\/03\/Cam-35-doppia-1024x684.jpg); background-size: cover; background-position: center center;\"><img decoding=\"async\" class=\"hide\" src=\"https:\/\/www.villaserena.eu\/wp-content\/uploads\/2019\/03\/Cam-35-doppia-1024x684.jpg\"\/><\/div><\/div><div class=\"swiper-slide\"><div class=\"image\" style=\"background-image: url(https:\/\/www.villaserena.eu\/wp-content\/uploads\/2019\/03\/cam24-1024x768.jpg); background-size: cover; background-position: center center;\"><img decoding=\"async\" class=\"hide\" src=\"https:\/\/www.villaserena.eu\/wp-content\/uploads\/2019\/03\/cam24-1024x768.jpg\"\/><\/div><\/div><div class=\"swiper-slide\"><div class=\"image\" style=\"background-image: url(https:\/\/www.villaserena.eu\/wp-content\/uploads\/2019\/03\/set-bagno-1024x768.jpg); background-size: cover; background-position: center center;\"><img decoding=\"async\" class=\"hide\" src=\"https:\/\/www.villaserena.eu\/wp-content\/uploads\/2019\/03\/set-bagno-1024x768.jpg\"\/><\/div><\/div><\/div><\/div><div class=\"room-content page-bg-color  vc_custom_1553253253948\" style=\"background: #ffffff; \"><div class=\"text-left reda-page-header id_169f31be0ce730593271375 animate-text   vc_custom_1582209299068\"><div class=\"reda-header-top  accent-color header-color\" style=\"color: ;\">Ab \u20ac95<\/div><\/div><style scoped>3 .reda-page-header.id_169f31be0ce730593271375 .header-underline:after { background-color: ; }<\/style><div class=\"text-left reda-page-header id_169f31be0ce75a27648044 animate-text  \"><div class=\"reda-header  header-color\" style=\"color: ;\"><\/div><\/div><\/div><\/div><\/p>\n<h3>Standard-Doppelzimmer<\/h3>\n<p><style scoped> .reda-page-header.id_169f31be0ce75a27648044 .header-underline:after { background-color: ; }<\/style>[vc_column_text css=&#8220;.vc_custom_1582209470587{padding-top: 30px !important;padding-right: 30px !important;padding-left: 30px !important;}&#8220;]Unsere Standardzimmer sind <strong>ger\u00e4umig<\/strong> und <strong>hell<\/strong> und im traditionellen venezianischen Stil eingerichtet. Jedes Zimmer ist mit einem <strong>Doppelbett<\/strong> (oder franz\u00f6sischen Bett), 32-Zoll-LCD-Fernseher, kostenlosem WLAN, Klimaanlage\/Heizung, Haartrockner, privatem Badezimmer (mit Dusche) und einem Set <strong>Pflegeprodukte<\/strong> und <strong>Hausschuhe<\/strong> ausgestattet. Ein <strong>Weckdienst<\/strong> steht ebenfalls zur Verf\u00fcgung, und gegen Aufpreis ist es m\u00f6glich, das Fr\u00fchst\u00fcck auf das Zimmer bringen zulassen.[\/vc_column_text]<div class=\"text-center animate-text id_169f31be0ce77a819300005\"><a href=\"http:\/\/www.villaserena.eu\/de\/buchen\/\"  class=\"btn btn-single btn-sm btn-solid btn-accent    \">\n\t\t\t\t<span class=\"btn-text \">Buchen Sie jetzt<\/span>\n\t\t\t<\/a><\/div><style scoped>\n\t\t\t.id_169f31be0ce77a819300005 .btn-solid.btn-accent, .id_169f31be0ce77a819300005 .btn-border.btn-accent:hover { background: ; }\n\t\t\t.id_169f31be0ce77a819300005 .btn-accent { border-color: ; }\n\t\t\t.id_169f31be0ce77a819300005 .btn-border.btn-accent .btn-text { color: ; }\n\t\t\t.id_169f31be0ce77a819300005 .btn-border.btn-accent:hover .btn-text { color: #fff; } \n\t\t\t<\/style><div class=\"btn-list text-left\"><div class=\"animate-text\"><div class=\"btn btn-single btn-show btn-sm btn-border btn-accent \">\n\t\t\t\t<span class=\"btn-text\">Servizi<\/span><\/div><\/div><\/div><div class=\"room-img-slider swiper-container show-for-large\"><div class=\"swiper-wrapper\"><div class=\"swiper-slide\"><div class=\"image\" style=\"background-image: url(https:\/\/www.villaserena.eu\/wp-content\/uploads\/2017\/04\/20130903_174913-1024x768.jpg); background-size: cover; background-position: center center;\"><img decoding=\"async\" class=\"hide\" src=\"https:\/\/www.villaserena.eu\/wp-content\/uploads\/2017\/04\/20130903_174913-1024x768.jpg\"\/><\/div><\/div><div class=\"swiper-slide\"><div class=\"image\" style=\"background-image: url(https:\/\/www.villaserena.eu\/wp-content\/uploads\/2019\/03\/Bagno-36-1024x768.jpg); background-size: cover; background-position: center center;\"><img decoding=\"async\" class=\"hide\" src=\"https:\/\/www.villaserena.eu\/wp-content\/uploads\/2019\/03\/Bagno-36-1024x768.jpg\"\/><\/div><\/div><div class=\"swiper-slide\"><div class=\"image\" style=\"background-image: url(https:\/\/www.villaserena.eu\/wp-content\/uploads\/2019\/03\/cam-22-comunicante-1024x768.jpg); background-size: cover; background-position: center center;\"><img decoding=\"async\" class=\"hide\" src=\"https:\/\/www.villaserena.eu\/wp-content\/uploads\/2019\/03\/cam-22-comunicante-1024x768.jpg\"\/><\/div><\/div><div class=\"swiper-slide\"><div class=\"image\" style=\"background-image: url(https:\/\/www.villaserena.eu\/wp-content\/uploads\/2019\/03\/Cam-21.1-comunicante-1024x768.jpg); background-size: cover; background-position: center center;\"><img decoding=\"async\" class=\"hide\" src=\"https:\/\/www.villaserena.eu\/wp-content\/uploads\/2019\/03\/Cam-21.1-comunicante-1024x768.jpg\"\/><\/div><\/div><div class=\"swiper-slide\"><div class=\"image\" style=\"background-image: url(https:\/\/www.villaserena.eu\/wp-content\/uploads\/2019\/03\/Cam-35-doppia-1024x684.jpg); background-size: cover; background-position: center center;\"><img decoding=\"async\" class=\"hide\" src=\"https:\/\/www.villaserena.eu\/wp-content\/uploads\/2019\/03\/Cam-35-doppia-1024x684.jpg\"\/><\/div><\/div><div class=\"swiper-slide\"><div class=\"image\" style=\"background-image: url(https:\/\/www.villaserena.eu\/wp-content\/uploads\/2019\/03\/cam24-1024x768.jpg); background-size: cover; background-position: center center;\"><img decoding=\"async\" class=\"hide\" src=\"https:\/\/www.villaserena.eu\/wp-content\/uploads\/2019\/03\/cam24-1024x768.jpg\"\/><\/div><\/div><div class=\"swiper-slide\"><div class=\"image\" style=\"background-image: url(https:\/\/www.villaserena.eu\/wp-content\/uploads\/2019\/03\/set-bagno-1024x768.jpg); background-size: cover; background-position: center center;\"><img decoding=\"async\" class=\"hide\" src=\"https:\/\/www.villaserena.eu\/wp-content\/uploads\/2019\/03\/set-bagno-1024x768.jpg\"\/><\/div><\/div><\/div><\/div><div class=\"room-amenities page-bg-color\" style=\"background: #ffffff\"><ul class=\"element-list-table el-half-width\"><li>Zimmer mit Blick auf Garten \/ Pool \/ Weinberge<\/li><li> Schalld\u00e4mmung<\/li><li> kostenloses WLAN<\/li><li> Heizung \/ Klimaanlage<\/li><li> Garderobe<\/li><li> Haartrockner<\/li><li> WC<\/li><li> Bidet<\/li><li> Minibar<\/li><li> Handt\u00fccher<\/li><li> 32-Zoll-LCD-Fernseher<\/li><li> Privatbad<\/li><li> Telefon<\/li><li> Moskitonetz<\/li><li> Dusche<\/li><li> kostenlose Pflegeprodukte<\/li><li> Hausschuhe<\/li><li> Toilettenpapier<\/li><li> Telefon-Weckruf<\/li><li> Behindertengerechte Dienstleistungen<\/li><\/ul><\/div><style scoped>\n\t\t\t.id_169f31be0cdcfe1640850456 .reda-header.header-color { color: ; }\n\t\t\t.id_169f31be0cdcfe1640850456 .wpb_content_element *, .id_169f31be0cdcfe1640850456 .room-amenities * { color: ; }\n\t\t\t.id_169f31be0cdcfe1640850456 .element-list-table li { border-color: #F5F5F5; }\n\t\t\t.id_169f31be0cdcfe1640850456 .element-list-table li:before, .id_169f31be0cdcfe1640850456 .btn-solid.btn-accent, .id_169f31be0cdcfe1640850456 .btn-border.btn-accent:hover { background: ; }\n\t\t\t.id_169f31be0cdcfe1640850456 .btn-accent { border-color: ; }\n\t\t\t.id_169f31be0cdcfe1640850456 .btn-border.btn-accent .btn-text, .id_169f31be0cdcfe1640850456 .reda-header-top.header-color { color: ; }\n\t\t\t.id_169f31be0cdcfe1640850456 .btn-border.btn-accent:hover .btn-text { color: #ffffff; } \n\t\t\t<\/style>[\/vc_column][\/vc_row][vc_row full_width=&#8220;stretch_row&#8220; overlay_color=&#8220;rgba(0,0,0,0.01)&#8220; css=&#8220;.vc_custom_1494500695952{padding-top: 30px !important;padding-bottom: 30px !important;background-color: #f5f5f5 !important;}&#8220;][vc_column]<div class=\"reda-room-container id_169f31be0ce7c01469939079\"><div class=\"room-img-slider swiper-container show-for-large\"><div class=\"swiper-wrapper\"><div class=\"swiper-slide\"><div class=\"image\" style=\"background-image: url(https:\/\/www.villaserena.eu\/wp-content\/uploads\/2019\/03\/Cam-21-comunicant-1024x768.jpg); background-size: cover; background-position: center center;\"><img decoding=\"async\" class=\"hide\" src=\"https:\/\/www.villaserena.eu\/wp-content\/uploads\/2019\/03\/Cam-21-comunicant-1024x768.jpg\"\/><\/div><\/div><div class=\"swiper-slide\"><div class=\"image\" style=\"background-image: url(https:\/\/www.villaserena.eu\/wp-content\/uploads\/2019\/03\/Foto-camera-21-comunicante-1024x768.jpg); background-size: cover; background-position: center center;\"><img decoding=\"async\" class=\"hide\" src=\"https:\/\/www.villaserena.eu\/wp-content\/uploads\/2019\/03\/Foto-camera-21-comunicante-1024x768.jpg\"\/><\/div><\/div><div class=\"swiper-slide\"><div class=\"image\" style=\"background-image: url(https:\/\/www.villaserena.eu\/wp-content\/uploads\/2019\/03\/Camera-21-e-22-1024x768.jpg); background-size: cover; background-position: center center;\"><img decoding=\"async\" class=\"hide\" src=\"https:\/\/www.villaserena.eu\/wp-content\/uploads\/2019\/03\/Camera-21-e-22-1024x768.jpg\"\/><\/div><\/div><div class=\"swiper-slide\"><div class=\"image\" style=\"background-image: url(https:\/\/www.villaserena.eu\/wp-content\/uploads\/2019\/03\/cam-22.1-comunicante-1024x768.jpg); background-size: cover; background-position: center center;\"><img decoding=\"async\" class=\"hide\" src=\"https:\/\/www.villaserena.eu\/wp-content\/uploads\/2019\/03\/cam-22.1-comunicante-1024x768.jpg\"\/><\/div><\/div><div class=\"swiper-slide\"><div class=\"image\" style=\"background-image: url(https:\/\/www.villaserena.eu\/wp-content\/uploads\/2019\/03\/Cam-21.1-comunicante-1024x768.jpg); background-size: cover; background-position: center center;\"><img decoding=\"async\" class=\"hide\" src=\"https:\/\/www.villaserena.eu\/wp-content\/uploads\/2019\/03\/Cam-21.1-comunicante-1024x768.jpg\"\/><\/div><\/div><\/div><\/div><div class=\"room-img-slider swiper-container hide-for-large\"><div class=\"swiper-wrapper\"><div class=\"swiper-slide\"><div class=\"image\" style=\"background-image: url(https:\/\/www.villaserena.eu\/wp-content\/uploads\/2019\/03\/Cam-21-comunicant-1024x768.jpg); background-size: cover; background-position: center center;\"><img decoding=\"async\" class=\"hide\" src=\"https:\/\/www.villaserena.eu\/wp-content\/uploads\/2019\/03\/Cam-21-comunicant-1024x768.jpg\"\/><\/div><\/div><div class=\"swiper-slide\"><div class=\"image\" style=\"background-image: url(https:\/\/www.villaserena.eu\/wp-content\/uploads\/2019\/03\/Foto-camera-21-comunicante-1024x768.jpg); background-size: cover; background-position: center center;\"><img decoding=\"async\" class=\"hide\" src=\"https:\/\/www.villaserena.eu\/wp-content\/uploads\/2019\/03\/Foto-camera-21-comunicante-1024x768.jpg\"\/><\/div><\/div><div class=\"swiper-slide\"><div class=\"image\" style=\"background-image: url(https:\/\/www.villaserena.eu\/wp-content\/uploads\/2019\/03\/Camera-21-e-22-1024x768.jpg); background-size: cover; background-position: center center;\"><img decoding=\"async\" class=\"hide\" src=\"https:\/\/www.villaserena.eu\/wp-content\/uploads\/2019\/03\/Camera-21-e-22-1024x768.jpg\"\/><\/div><\/div><div class=\"swiper-slide\"><div class=\"image\" style=\"background-image: url(https:\/\/www.villaserena.eu\/wp-content\/uploads\/2019\/03\/cam-22.1-comunicante-1024x768.jpg); background-size: cover; background-position: center center;\"><img decoding=\"async\" class=\"hide\" src=\"https:\/\/www.villaserena.eu\/wp-content\/uploads\/2019\/03\/cam-22.1-comunicante-1024x768.jpg\"\/><\/div><\/div><div class=\"swiper-slide\"><div class=\"image\" style=\"background-image: url(https:\/\/www.villaserena.eu\/wp-content\/uploads\/2019\/03\/Cam-21.1-comunicante-1024x768.jpg); background-size: cover; background-position: center center;\"><img decoding=\"async\" class=\"hide\" src=\"https:\/\/www.villaserena.eu\/wp-content\/uploads\/2019\/03\/Cam-21.1-comunicante-1024x768.jpg\"\/><\/div><\/div><\/div><\/div><div class=\"room-content page-bg-color  vc_custom_1553253358347\" style=\"background: #ffffff; \"><div class=\"text-left reda-page-header id_169f31be0ced3f1493940304 animate-text   vc_custom_1582209491572\"><div class=\"reda-header-top  accent-color header-color\" style=\"color: ;\">Ab 100\u20ac<\/div><\/div><style scoped>3 .reda-page-header.id_169f31be0ced3f1493940304 .header-underline:after { background-color: ; }<\/style><div class=\"text-left reda-page-header id_169f31be0ced521208543636 animate-text  \"><div class=\"reda-header  header-color\" style=\"color: ;\"><\/div><\/div><\/div><\/div><\/p>\n<h3><strong>Familienzimmer<\/strong><\/h3>\n<p><style scoped> .reda-page-header.id_169f31be0ced521208543636 .header-underline:after { background-color: ; }<\/style>[vc_column_text css=&#8220;.vc_custom_1582209538601{padding-top: 30px !important;padding-right: 30px !important;padding-left: 30px !important;}&#8220;]Unsere ger\u00e4umigen Familienzimmer sind das Ergebnis der <strong>Kombination von 2 Standardzimmern<\/strong> und k\u00f6nnen bis zu maximal 5 Personen aufnehmen. Sie sind <strong>im traditionellen venezianischen Stil<\/strong> eingerichtet und mit 2 Doppelbetten (oder franz\u00f6sischen Bett), oder franz\u00f6sischen Bett, kostenlosem WLAN, Klimaanlage\/Heizung, Haartrockner, 2 privaten Badezimmern (mit Dusche) und einem Set <strong>Pflegeprodukte<\/strong> und <strong>Hausschuhe<\/strong> ausgestattet. Ein <strong>Weckdienst<\/strong> steht ebenfalls zur Verf\u00fcgung, und gegen Aufpreis ist es m\u00f6glich, das Fr\u00fchst\u00fcck auf das Zimmer bringen zulassen.[\/vc_column_text]<div class=\"text-center animate-text id_169f31be0ced6d1225964533\"><a href=\"http:\/\/www.villaserena.eu\/de\/buchen\/\"  class=\"btn btn-single btn-sm btn-solid btn-accent    \">\n\t\t\t\t<span class=\"btn-text \">Buchen Sie jetzt<\/span>\n\t\t\t<\/a><\/div><style scoped>\n\t\t\t.id_169f31be0ced6d1225964533 .btn-solid.btn-accent, .id_169f31be0ced6d1225964533 .btn-border.btn-accent:hover { background: ; }\n\t\t\t.id_169f31be0ced6d1225964533 .btn-accent { border-color: ; }\n\t\t\t.id_169f31be0ced6d1225964533 .btn-border.btn-accent .btn-text { color: ; }\n\t\t\t.id_169f31be0ced6d1225964533 .btn-border.btn-accent:hover .btn-text { color: #fff; } \n\t\t\t<\/style><div class=\"btn-list text-left\"><div class=\"animate-text\"><div class=\"btn btn-single btn-show btn-sm btn-border btn-accent \">\n\t\t\t\t<span class=\"btn-text\">Servizi<\/span><\/div><\/div><\/div><div class=\"room-amenities page-bg-color\" style=\"background: #ffffff\"><ul class=\"element-list-table el-half-width\"><li>Zimmer mit Blick auf Garten \/ Pool \/ Weinberge<\/li><li> Schalld\u00e4mmung<\/li><li> kostenloses WLAN<\/li><li> Heizung \/ Klimaanlage<\/li><li> Garderobe<\/li><li> Haartrockner<\/li><li> WC<\/li><li> Bidet<\/li><li> Minibar<\/li><li> Handt\u00fccher<\/li><li> 32-Zoll-LCD-Fernseher<\/li><li> Privatbad<\/li><li> Telefon<\/li><li> Moskitonetz<\/li><li> Dusche<\/li><li> kostenlose Pflegeprodukte<\/li><li> Hausschuhe<\/li><li> Toilettenpapier<\/li><li> Telefon-Weckruf<\/li><li> Behindertengerechte Dienstleistungen<\/li><\/ul><\/div><style scoped>\n\t\t\t.id_169f31be0ce7c01469939079 .reda-header.header-color { color: ; }\n\t\t\t.id_169f31be0ce7c01469939079 .wpb_content_element *, .id_169f31be0ce7c01469939079 .room-amenities * { color: ; }\n\t\t\t.id_169f31be0ce7c01469939079 .element-list-table li { border-color: #F5F5F5; }\n\t\t\t.id_169f31be0ce7c01469939079 .element-list-table li:before, .id_169f31be0ce7c01469939079 .btn-solid.btn-accent, .id_169f31be0ce7c01469939079 .btn-border.btn-accent:hover { background: ; }\n\t\t\t.id_169f31be0ce7c01469939079 .btn-accent { border-color: ; }\n\t\t\t.id_169f31be0ce7c01469939079 .btn-border.btn-accent .btn-text, .id_169f31be0ce7c01469939079 .reda-header-top.header-color { color: ; }\n\t\t\t.id_169f31be0ce7c01469939079 .btn-border.btn-accent:hover .btn-text { color: #ffffff; } \n\t\t\t<\/style>[\/vc_column][\/vc_row]<\/p>\n","protected":false},"excerpt":{"rendered":"<p>[vc_row overlay_color=&#8220;rgba(0,0,0,0.01)&#8220; css=&#8220;.vc_custom_1495702389045{padding-top: 120px !important;padding-bottom: 60px !important;}&#8220;][vc_column][vc_row_inner css=&#8220;.vc_custom_1492067939003{margin-top: 60px !important;}&#8220;][vc_column_inner width=&#8220;1\/2&#8243;][\/vc_column_inner][vc_column_inner width=&#8220;1\/2&#8243;][vc_column_text css=&#8220;.vc_custom_1582209182067{margin-left: 60px !important;}&#8220;]Sie haben Blumennamen und bieten unseren G\u00e4sten einen komfortablen und entspannenden Aufenthalt. Jedes Zimmer verf\u00fcgt \u00fcber ein Doppelbett (oder franz\u00f6sisches Bett) und ist mit Klimaanlage, eigenem Bad, Haartrockner, Minibar, Satellitenfernsehen, Direktwahltelefon und WLAN-Internetanschluss ausgestattet. Um den Komfort unserer G\u00e4ste zu erh\u00f6hen, [&hellip;]<\/p>\n","protected":false},"author":1,"featured_media":0,"parent":0,"menu_order":0,"comment_status":"closed","ping_status":"closed","template":"","meta":{"_monsterinsights_skip_tracking":false,"_monsterinsights_sitenote_active":false,"_monsterinsights_sitenote_note":"","_monsterinsights_sitenote_category":0,"footnotes":""},"class_list":["post-2021","page","type-page","status-publish","hentry"],"yoast_head":"<!-- This site is optimized with the Yoast SEO plugin v27.5 - https:\/\/yoast.com\/product\/yoast-seo-wordpress\/ -->\n<title>Zimmer - Villa Serena<\/title>\n<meta name=\"robots\" content=\"index, follow, max-snippet:-1, max-image-preview:large, max-video-preview:-1\" \/>\n<link rel=\"canonical\" href=\"https:\/\/www.villaserena.eu\/de\/zimmer\/\" \/>\n<meta property=\"og:locale\" content=\"de_DE\" \/>\n<meta property=\"og:type\" content=\"article\" \/>\n<meta property=\"og:title\" content=\"Zimmer - Villa Serena\" \/>\n<meta property=\"og:description\" content=\"[vc_row overlay_color=&#8220;rgba(0,0,0,0.01)&#8220; css=&#8220;.vc_custom_1495702389045{padding-top: 120px !important;padding-bottom: 60px !important;}&#8220;][vc_column][vc_row_inner css=&#8220;.vc_custom_1492067939003{margin-top: 60px !important;}&#8220;][vc_column_inner width=&#8220;1\/2&#8243;][\/vc_column_inner][vc_column_inner width=&#8220;1\/2&#8243;][vc_column_text css=&#8220;.vc_custom_1582209182067{margin-left: 60px !important;}&#8220;]Sie haben Blumennamen und bieten unseren G\u00e4sten einen komfortablen und entspannenden Aufenthalt. Jedes Zimmer verf\u00fcgt \u00fcber ein Doppelbett (oder franz\u00f6sisches Bett) und ist mit Klimaanlage, eigenem Bad, Haartrockner, Minibar, Satellitenfernsehen, Direktwahltelefon und WLAN-Internetanschluss ausgestattet. Um den Komfort unserer G\u00e4ste zu erh\u00f6hen, [&hellip;]\" \/>\n<meta property=\"og:url\" content=\"https:\/\/www.villaserena.eu\/de\/zimmer\/\" \/>\n<meta property=\"og:site_name\" content=\"Villa Serena\" \/>\n<meta property=\"article:modified_time\" content=\"2020-02-21T11:14:59+00:00\" \/>\n<meta name=\"twitter:card\" content=\"summary_large_image\" \/>\n<meta name=\"twitter:label1\" content=\"Gesch\u00e4tzte Lesezeit\" \/>\n\t<meta name=\"twitter:data1\" content=\"4\u00a0Minuten\" \/>\n<script type=\"application\/ld+json\" class=\"yoast-schema-graph\">{\"@context\":\"https:\\\/\\\/schema.org\",\"@graph\":[{\"@type\":\"WebPage\",\"@id\":\"https:\\\/\\\/www.villaserena.eu\\\/de\\\/zimmer\\\/\",\"url\":\"https:\\\/\\\/www.villaserena.eu\\\/de\\\/zimmer\\\/\",\"name\":\"Zimmer - Villa Serena\",\"isPartOf\":{\"@id\":\"https:\\\/\\\/www.villaserena.eu\\\/#website\"},\"datePublished\":\"2019-03-28T14:59:01+00:00\",\"dateModified\":\"2020-02-21T11:14:59+00:00\",\"breadcrumb\":{\"@id\":\"https:\\\/\\\/www.villaserena.eu\\\/de\\\/zimmer\\\/#breadcrumb\"},\"inLanguage\":\"de\",\"potentialAction\":[{\"@type\":\"ReadAction\",\"target\":[\"https:\\\/\\\/www.villaserena.eu\\\/de\\\/zimmer\\\/\"]}]},{\"@type\":\"BreadcrumbList\",\"@id\":\"https:\\\/\\\/www.villaserena.eu\\\/de\\\/zimmer\\\/#breadcrumb\",\"itemListElement\":[{\"@type\":\"ListItem\",\"position\":1,\"name\":\"Home\",\"item\":\"https:\\\/\\\/www.villaserena.eu\\\/de\\\/\"},{\"@type\":\"ListItem\",\"position\":2,\"name\":\"Zimmer\"}]},{\"@type\":\"WebSite\",\"@id\":\"https:\\\/\\\/www.villaserena.eu\\\/#website\",\"url\":\"https:\\\/\\\/www.villaserena.eu\\\/\",\"name\":\"Villa Serena\",\"description\":\"Localita con Piscina\",\"publisher\":{\"@id\":\"https:\\\/\\\/www.villaserena.eu\\\/#organization\"},\"potentialAction\":[{\"@type\":\"SearchAction\",\"target\":{\"@type\":\"EntryPoint\",\"urlTemplate\":\"https:\\\/\\\/www.villaserena.eu\\\/?s={search_term_string}\"},\"query-input\":{\"@type\":\"PropertyValueSpecification\",\"valueRequired\":true,\"valueName\":\"search_term_string\"}}],\"inLanguage\":\"de\"},{\"@type\":\"Organization\",\"@id\":\"https:\\\/\\\/www.villaserena.eu\\\/#organization\",\"name\":\"Villa Serena\",\"url\":\"https:\\\/\\\/www.villaserena.eu\\\/\",\"logo\":{\"@type\":\"ImageObject\",\"inLanguage\":\"de\",\"@id\":\"https:\\\/\\\/www.villaserena.eu\\\/#\\\/schema\\\/logo\\\/image\\\/\",\"url\":\"\",\"contentUrl\":\"\",\"caption\":\"Villa Serena\"},\"image\":{\"@id\":\"https:\\\/\\\/www.villaserena.eu\\\/#\\\/schema\\\/logo\\\/image\\\/\"}}]}<\/script>\n<!-- \/ Yoast SEO plugin. -->","yoast_head_json":{"title":"Zimmer - Villa Serena","robots":{"index":"index","follow":"follow","max-snippet":"max-snippet:-1","max-image-preview":"max-image-preview:large","max-video-preview":"max-video-preview:-1"},"canonical":"https:\/\/www.villaserena.eu\/de\/zimmer\/","og_locale":"de_DE","og_type":"article","og_title":"Zimmer - Villa Serena","og_description":"[vc_row overlay_color=&#8220;rgba(0,0,0,0.01)&#8220; css=&#8220;.vc_custom_1495702389045{padding-top: 120px !important;padding-bottom: 60px !important;}&#8220;][vc_column][vc_row_inner css=&#8220;.vc_custom_1492067939003{margin-top: 60px !important;}&#8220;][vc_column_inner width=&#8220;1\/2&#8243;][\/vc_column_inner][vc_column_inner width=&#8220;1\/2&#8243;][vc_column_text css=&#8220;.vc_custom_1582209182067{margin-left: 60px !important;}&#8220;]Sie haben Blumennamen und bieten unseren G\u00e4sten einen komfortablen und entspannenden Aufenthalt. Jedes Zimmer verf\u00fcgt \u00fcber ein Doppelbett (oder franz\u00f6sisches Bett) und ist mit Klimaanlage, eigenem Bad, Haartrockner, Minibar, Satellitenfernsehen, Direktwahltelefon und WLAN-Internetanschluss ausgestattet. Um den Komfort unserer G\u00e4ste zu erh\u00f6hen, [&hellip;]","og_url":"https:\/\/www.villaserena.eu\/de\/zimmer\/","og_site_name":"Villa Serena","article_modified_time":"2020-02-21T11:14:59+00:00","twitter_card":"summary_large_image","twitter_misc":{"Gesch\u00e4tzte Lesezeit":"4\u00a0Minuten"},"schema":{"@context":"https:\/\/schema.org","@graph":[{"@type":"WebPage","@id":"https:\/\/www.villaserena.eu\/de\/zimmer\/","url":"https:\/\/www.villaserena.eu\/de\/zimmer\/","name":"Zimmer - Villa Serena","isPartOf":{"@id":"https:\/\/www.villaserena.eu\/#website"},"datePublished":"2019-03-28T14:59:01+00:00","dateModified":"2020-02-21T11:14:59+00:00","breadcrumb":{"@id":"https:\/\/www.villaserena.eu\/de\/zimmer\/#breadcrumb"},"inLanguage":"de","potentialAction":[{"@type":"ReadAction","target":["https:\/\/www.villaserena.eu\/de\/zimmer\/"]}]},{"@type":"BreadcrumbList","@id":"https:\/\/www.villaserena.eu\/de\/zimmer\/#breadcrumb","itemListElement":[{"@type":"ListItem","position":1,"name":"Home","item":"https:\/\/www.villaserena.eu\/de\/"},{"@type":"ListItem","position":2,"name":"Zimmer"}]},{"@type":"WebSite","@id":"https:\/\/www.villaserena.eu\/#website","url":"https:\/\/www.villaserena.eu\/","name":"Villa Serena","description":"Localita con Piscina","publisher":{"@id":"https:\/\/www.villaserena.eu\/#organization"},"potentialAction":[{"@type":"SearchAction","target":{"@type":"EntryPoint","urlTemplate":"https:\/\/www.villaserena.eu\/?s={search_term_string}"},"query-input":{"@type":"PropertyValueSpecification","valueRequired":true,"valueName":"search_term_string"}}],"inLanguage":"de"},{"@type":"Organization","@id":"https:\/\/www.villaserena.eu\/#organization","name":"Villa Serena","url":"https:\/\/www.villaserena.eu\/","logo":{"@type":"ImageObject","inLanguage":"de","@id":"https:\/\/www.villaserena.eu\/#\/schema\/logo\/image\/","url":"","contentUrl":"","caption":"Villa Serena"},"image":{"@id":"https:\/\/www.villaserena.eu\/#\/schema\/logo\/image\/"}}]}},"_links":{"self":[{"href":"https:\/\/www.villaserena.eu\/de\/wp-json\/wp\/v2\/pages\/2021\/"}],"collection":[{"href":"https:\/\/www.villaserena.eu\/de\/wp-json\/wp\/v2\/pages\/"}],"about":[{"href":"https:\/\/www.villaserena.eu\/de\/wp-json\/wp\/v2\/types\/page\/"}],"author":[{"embeddable":true,"href":"https:\/\/www.villaserena.eu\/de\/wp-json\/wp\/v2\/users\/1\/"}],"replies":[{"embeddable":true,"href":"https:\/\/www.villaserena.eu\/de\/wp-json\/wp\/v2\/comments\/?post=2021"}],"version-history":[{"count":8,"href":"https:\/\/www.villaserena.eu\/de\/wp-json\/wp\/v2\/pages\/2021\/revisions\/"}],"predecessor-version":[{"id":2339,"href":"https:\/\/www.villaserena.eu\/de\/wp-json\/wp\/v2\/pages\/2021\/revisions\/2339\/"}],"wp:attachment":[{"href":"https:\/\/www.villaserena.eu\/de\/wp-json\/wp\/v2\/media\/?parent=2021"}],"curies":[{"name":"wp","href":"https:\/\/api.w.org\/{rel}","templated":true}]}}